{"id":998,"date":"2021-09-13T17:38:06","date_gmt":"2021-09-13T17:38:06","guid":{"rendered":"http:\/\/reddih.net\/?page_id=998"},"modified":"2024-08-19T16:56:29","modified_gmt":"2024-08-19T16:56:29","slug":"elementor-998","status":"publish","type":"page","link":"https:\/\/reddih.net\/","title":{"rendered":"Bienvenidos"},"content":{"rendered":"\t\t<div data-elementor-type=\"wp-page\" data-elementor-id=\"998\" class=\"elementor elementor-998\" data-elementor-settings=\"[]\">\n\t\t\t\t\t\t\t<div class=\"elementor-section-wrap\">\n\t\t\t\t\t\t\t<section class=\"elementor-section elementor-top-section elementor-element elementor-element-52fb540 elementor-section-boxed elementor-section-height-default elementor-section-height-default\" data-id=\"52fb540\" data-element_type=\"section\">\n\t\t\t\t\t\t<div class=\"elementor-container elementor-column-gap-default\">\n\t\t\t\t\t<div class=\"elementor-column elementor-col-100 elementor-top-column elementor-element elementor-element-fd40265\" data-id=\"fd40265\" data-element_type=\"column\">\n\t\t\t<div class=\"elementor-widget-wrap elementor-element-populated\">\n\t\t\t\t\t\t\t\t<div class=\"elementor-element elementor-element-6637439 elementor-widget elementor-widget-image\" data-id=\"6637439\" data-element_type=\"widget\" data-widget_type=\"image.default\">\n\t\t\t\t<div class=\"elementor-widget-container\">\n\t\t\t\t\t\t\t\t\t\t\t\t\t\t\t<img loading=\"lazy\" decoding=\"async\" width=\"1024\" height=\"768\" src=\"https:\/\/reddih.net\/wp-content\/uploads\/2024\/03\/protesta-reddih-1024x768.jpg\" class=\"attachment-large size-large\" alt=\"\" srcset=\"https:\/\/reddih.net\/wp-content\/uploads\/2024\/03\/protesta-reddih-1024x768.jpg 1024w, https:\/\/reddih.net\/wp-content\/uploads\/2024\/03\/protesta-reddih-300x225.jpg 300w, https:\/\/reddih.net\/wp-content\/uploads\/2024\/03\/protesta-reddih-768x576.jpg 768w, https:\/\/reddih.net\/wp-content\/uploads\/2024\/03\/protesta-reddih-267x200.jpg 267w, https:\/\/reddih.net\/wp-content\/uploads\/2024\/03\/protesta-reddih-615x461.jpg 615w, https:\/\/reddih.net\/wp-content\/uploads\/2024\/03\/protesta-reddih.jpg 1280w\" sizes=\"auto, (max-width: 1024px) 100vw, 1024px\" \/>\t\t\t\t\t\t\t\t\t\t\t\t\t\t\t<\/div>\n\t\t\t\t<\/div>\n\t\t\t\t<section class=\"elementor-section elementor-inner-section elementor-element elementor-element-6deafb0 elementor-section-boxed elementor-section-height-default elementor-section-height-default\" data-id=\"6deafb0\" data-element_type=\"section\">\n\t\t\t\t\t\t<div class=\"elementor-container elementor-column-gap-default\">\n\t\t\t\t\t<div class=\"elementor-column elementor-col-50 elementor-inner-column elementor-element elementor-element-87fc55e\" data-id=\"87fc55e\" data-element_type=\"column\">\n\t\t\t<div class=\"elementor-widget-wrap elementor-element-populated\">\n\t\t\t\t\t\t\t\t<div class=\"elementor-element elementor-element-ced0fe3 elementor-widget elementor-widget-image\" data-id=\"ced0fe3\" data-element_type=\"widget\" data-widget_type=\"image.default\">\n\t\t\t\t<div class=\"elementor-widget-container\">\n\t\t\t\t\t\t\t\t\t\t\t\t\t\t\t<img loading=\"lazy\" decoding=\"async\" width=\"1024\" height=\"768\" src=\"https:\/\/reddih.net\/wp-content\/uploads\/2024\/03\/protesta-reddih2-1024x768.jpg\" class=\"attachment-large size-large\" alt=\"\" srcset=\"https:\/\/reddih.net\/wp-content\/uploads\/2024\/03\/protesta-reddih2-1024x768.jpg 1024w, https:\/\/reddih.net\/wp-content\/uploads\/2024\/03\/protesta-reddih2-300x225.jpg 300w, https:\/\/reddih.net\/wp-content\/uploads\/2024\/03\/protesta-reddih2-768x576.jpg 768w, https:\/\/reddih.net\/wp-content\/uploads\/2024\/03\/protesta-reddih2-267x200.jpg 267w, https:\/\/reddih.net\/wp-content\/uploads\/2024\/03\/protesta-reddih2-615x461.jpg 615w, https:\/\/reddih.net\/wp-content\/uploads\/2024\/03\/protesta-reddih2.jpg 1280w\" sizes=\"auto, (max-width: 1024px) 100vw, 1024px\" \/>\t\t\t\t\t\t\t\t\t\t\t\t\t\t\t<\/div>\n\t\t\t\t<\/div>\n\t\t\t\t\t<\/div>\n\t\t<\/div>\n\t\t\t\t<div class=\"elementor-column elementor-col-50 elementor-inner-column elementor-element elementor-element-2cb9978\" data-id=\"2cb9978\" data-element_type=\"column\">\n\t\t\t<div class=\"elementor-widget-wrap elementor-element-populated\">\n\t\t\t\t\t\t\t\t<div class=\"elementor-element elementor-element-c9d3bb3 elementor-widget elementor-widget-image\" data-id=\"c9d3bb3\" data-element_type=\"widget\" data-widget_type=\"image.default\">\n\t\t\t\t<div class=\"elementor-widget-container\">\n\t\t\t\t\t\t\t\t\t\t\t\t\t\t\t<img loading=\"lazy\" decoding=\"async\" width=\"1024\" height=\"768\" src=\"https:\/\/reddih.net\/wp-content\/uploads\/2024\/03\/protesta-reddih-5-1024x768.jpg\" class=\"attachment-large size-large\" alt=\"\" srcset=\"https:\/\/reddih.net\/wp-content\/uploads\/2024\/03\/protesta-reddih-5-1024x768.jpg 1024w, https:\/\/reddih.net\/wp-content\/uploads\/2024\/03\/protesta-reddih-5-300x225.jpg 300w, https:\/\/reddih.net\/wp-content\/uploads\/2024\/03\/protesta-reddih-5-768x576.jpg 768w, https:\/\/reddih.net\/wp-content\/uploads\/2024\/03\/protesta-reddih-5-267x200.jpg 267w, https:\/\/reddih.net\/wp-content\/uploads\/2024\/03\/protesta-reddih-5-615x461.jpg 615w, https:\/\/reddih.net\/wp-content\/uploads\/2024\/03\/protesta-reddih-5.jpg 1280w\" sizes=\"auto, (max-width: 1024px) 100vw, 1024px\" \/>\t\t\t\t\t\t\t\t\t\t\t\t\t\t\t<\/div>\n\t\t\t\t<\/div>\n\t\t\t\t\t<\/div>\n\t\t<\/div>\n\t\t\t\t\t\t\t<\/div>\n\t\t<\/section>\n\t\t\t\t<div class=\"elementor-element elementor-element-ba12850 elementor-widget elementor-widget-text-editor\" data-id=\"ba12850\" data-element_type=\"widget\" data-widget_type=\"text-editor.default\">\n\t\t\t\t<div class=\"elementor-widget-container\">\n\t\t\t\t\t\t\t<p>El Nuevo Comit\u00e9 Directivo encabezado por el Mtro. Jos\u00e9 Trinidad Padilla L\u00f3pez como presidente y la Dra. Linda Dayan Castro Calvo rindi\u00f3 protesta este 23 de septiembre de 2023 en las instalaciones de la Sala de Consejo de la C\u00e1mara de Comercio de Guadalajara<\/p>\t\t\t\t\t\t<\/div>\n\t\t\t\t<\/div>\n\t\t\t\t<div class=\"elementor-element elementor-element-c24094b elementor-widget-divider--view-line elementor-widget elementor-widget-divider\" data-id=\"c24094b\" data-element_type=\"widget\" data-widget_type=\"divider.default\">\n\t\t\t\t<div class=\"elementor-widget-container\">\n\t\t\t\t\t<div class=\"elementor-divider\">\n\t\t\t<span class=\"elementor-divider-separator\">\n\t\t\t\t\t\t<\/span>\n\t\t<\/div>\n\t\t\t\t<\/div>\n\t\t\t\t<\/div>\n\t\t\t\t\t<\/div>\n\t\t<\/div>\n\t\t\t\t\t\t\t<\/div>\n\t\t<\/section>\n\t\t\t\t<section class=\"elementor-section elementor-top-section elementor-element elementor-element-f09ab11 elementor-section-boxed elementor-section-height-default elementor-section-height-default\" data-id=\"f09ab11\" data-element_type=\"section\">\n\t\t\t\t\t\t<div class=\"elementor-container elementor-column-gap-default\">\n\t\t\t\t\t<div class=\"elementor-column elementor-col-66 elementor-top-column elementor-element elementor-element-393ac30\" data-id=\"393ac30\" data-element_type=\"column\">\n\t\t\t<div class=\"elementor-widget-wrap elementor-element-populated\">\n\t\t\t\t\t\t\t\t<div class=\"elementor-element elementor-element-2a3dfc1 elementor-widget elementor-widget-image\" data-id=\"2a3dfc1\" data-element_type=\"widget\" data-widget_type=\"image.default\">\n\t\t\t\t<div class=\"elementor-widget-container\">\n\t\t\t\t\t\t\t\t\t\t\t\t<figure class=\"wp-caption\">\n\t\t\t\t\t\t\t\t\t\t\t<a href=\"https:\/\/reddih.net\/wp-content\/uploads\/2021\/09\/190212_toman_protesta_los_integrantes_de_la_red_internacional_de_derechos_humanos_y_derecho_humanitario_fv_1-scaled.jpg\" data-elementor-open-lightbox=\"yes\" data-elementor-lightbox-title=\"190212_toman_protesta_los_integrantes_de_la_red_internacional_de_derechos_humanos_y_derecho_humanitario_fv_1\">\n\t\t\t\t\t\t\t<img loading=\"lazy\" decoding=\"async\" width=\"1024\" height=\"683\" src=\"https:\/\/reddih.net\/wp-content\/uploads\/2021\/09\/190212_toman_protesta_los_integrantes_de_la_red_internacional_de_derechos_humanos_y_derecho_humanitario_fv_1-1024x683.jpg\" class=\"attachment-large size-large\" alt=\"\" srcset=\"https:\/\/reddih.net\/wp-content\/uploads\/2021\/09\/190212_toman_protesta_los_integrantes_de_la_red_internacional_de_derechos_humanos_y_derecho_humanitario_fv_1-1024x683.jpg 1024w, https:\/\/reddih.net\/wp-content\/uploads\/2021\/09\/190212_toman_protesta_los_integrantes_de_la_red_internacional_de_derechos_humanos_y_derecho_humanitario_fv_1-300x200.jpg 300w, https:\/\/reddih.net\/wp-content\/uploads\/2021\/09\/190212_toman_protesta_los_integrantes_de_la_red_internacional_de_derechos_humanos_y_derecho_humanitario_fv_1-768x512.jpg 768w, https:\/\/reddih.net\/wp-content\/uploads\/2021\/09\/190212_toman_protesta_los_integrantes_de_la_red_internacional_de_derechos_humanos_y_derecho_humanitario_fv_1-1536x1024.jpg 1536w, https:\/\/reddih.net\/wp-content\/uploads\/2021\/09\/190212_toman_protesta_los_integrantes_de_la_red_internacional_de_derechos_humanos_y_derecho_humanitario_fv_1-2048x1365.jpg 2048w, https:\/\/reddih.net\/wp-content\/uploads\/2021\/09\/190212_toman_protesta_los_integrantes_de_la_red_internacional_de_derechos_humanos_y_derecho_humanitario_fv_1-432x288.jpg 432w\" sizes=\"auto, (max-width: 1024px) 100vw, 1024px\" \/>\t\t\t\t\t\t\t\t<\/a>\n\t\t\t\t\t\t\t\t\t\t\t<figcaption class=\"widget-image-caption wp-caption-text\">Toman protesta los integrantes de la Red Internacional de Derechos Humanos y Derecho Humanitario<\/figcaption>\n\t\t\t\t\t\t\t\t\t\t<\/figure>\n\t\t\t\t\t\t\t\t\t<\/div>\n\t\t\t\t<\/div>\n\t\t\t\t\t<\/div>\n\t\t<\/div>\n\t\t\t\t<div class=\"elementor-column elementor-col-33 elementor-top-column elementor-element elementor-element-96b00eb\" data-id=\"96b00eb\" data-element_type=\"column\">\n\t\t\t<div class=\"elementor-widget-wrap elementor-element-populated\">\n\t\t\t\t\t\t\t\t<div class=\"elementor-element elementor-element-73a57ec elementor-widget elementor-widget-image\" data-id=\"73a57ec\" data-element_type=\"widget\" data-widget_type=\"image.default\">\n\t\t\t\t<div class=\"elementor-widget-container\">\n\t\t\t\t\t\t\t\t\t\t\t\t\t\t\t\t<a href=\"https:\/\/reddih.net\/wp-content\/uploads\/2021\/09\/190212_toman_protesta_los_integrantes_de_la_red_internacional_de_derechos_humanos_y_derecho_humanitario_fv_7-scaled.jpg\" data-elementor-open-lightbox=\"yes\" data-elementor-lightbox-title=\"190212_toman_protesta_los_integrantes_de_la_red_internacional_de_derechos_humanos_y_derecho_humanitario_fv_7\">\n\t\t\t\t\t\t\t<img loading=\"lazy\" decoding=\"async\" width=\"1024\" height=\"683\" src=\"https:\/\/reddih.net\/wp-content\/uploads\/2021\/09\/190212_toman_protesta_los_integrantes_de_la_red_internacional_de_derechos_humanos_y_derecho_humanitario_fv_7-1024x683.jpg\" class=\"attachment-large size-large\" alt=\"\" srcset=\"https:\/\/reddih.net\/wp-content\/uploads\/2021\/09\/190212_toman_protesta_los_integrantes_de_la_red_internacional_de_derechos_humanos_y_derecho_humanitario_fv_7-1024x683.jpg 1024w, https:\/\/reddih.net\/wp-content\/uploads\/2021\/09\/190212_toman_protesta_los_integrantes_de_la_red_internacional_de_derechos_humanos_y_derecho_humanitario_fv_7-300x200.jpg 300w, https:\/\/reddih.net\/wp-content\/uploads\/2021\/09\/190212_toman_protesta_los_integrantes_de_la_red_internacional_de_derechos_humanos_y_derecho_humanitario_fv_7-768x512.jpg 768w, https:\/\/reddih.net\/wp-content\/uploads\/2021\/09\/190212_toman_protesta_los_integrantes_de_la_red_internacional_de_derechos_humanos_y_derecho_humanitario_fv_7-1536x1024.jpg 1536w, https:\/\/reddih.net\/wp-content\/uploads\/2021\/09\/190212_toman_protesta_los_integrantes_de_la_red_internacional_de_derechos_humanos_y_derecho_humanitario_fv_7-2048x1365.jpg 2048w, https:\/\/reddih.net\/wp-content\/uploads\/2021\/09\/190212_toman_protesta_los_integrantes_de_la_red_internacional_de_derechos_humanos_y_derecho_humanitario_fv_7-432x288.jpg 432w\" sizes=\"auto, (max-width: 1024px) 100vw, 1024px\" \/>\t\t\t\t\t\t\t\t<\/a>\n\t\t\t\t\t\t\t\t\t\t\t\t\t\t\t<\/div>\n\t\t\t\t<\/div>\n\t\t\t\t<div class=\"elementor-element elementor-element-a046605 elementor-arrows-position-inside elementor-pagination-position-outside elementor-widget elementor-widget-image-carousel\" data-id=\"a046605\" data-element_type=\"widget\" data-settings=\"{&quot;navigation&quot;:&quot;both&quot;,&quot;autoplay&quot;:&quot;yes&quot;,&quot;pause_on_hover&quot;:&quot;yes&quot;,&quot;pause_on_interaction&quot;:&quot;yes&quot;,&quot;autoplay_speed&quot;:5000,&quot;infinite&quot;:&quot;yes&quot;,&quot;speed&quot;:500}\" data-widget_type=\"image-carousel.default\">\n\t\t\t\t<div class=\"elementor-widget-container\">\n\t\t\t\t\t<div class=\"elementor-image-carousel-wrapper swiper-container\" dir=\"ltr\">\n\t\t\t<div class=\"elementor-image-carousel swiper-wrapper\">\n\t\t\t\t\t\t\t\t<div class=\"swiper-slide\"><figure class=\"swiper-slide-inner\"><img decoding=\"async\" class=\"swiper-slide-image\" src=\"https:\/\/reddih.net\/wp-content\/uploads\/2021\/09\/190212_toman_protesta_los_integrantes_de_la_red_internacional_de_derechos_humanos_y_derecho_humanitario_fv_8-150x150.jpg\" alt=\"190212_toman_protesta_los_integrantes_de_la_red_internacional_de_derechos_humanos_y_derecho_humanitario_fv_8\" \/><\/figure><\/div><div class=\"swiper-slide\"><figure class=\"swiper-slide-inner\"><img decoding=\"async\" class=\"swiper-slide-image\" src=\"https:\/\/reddih.net\/wp-content\/uploads\/2021\/09\/190212_toman_protesta_los_integrantes_de_la_red_internacional_de_derechos_humanos_y_derecho_humanitario_fv_6-150x150.jpg\" alt=\"Toma de Protesta de los Integrantes de la Red Internacional de Derechos Humanos y Derecho  Humanitario\" \/><\/figure><\/div>\t\t\t<\/div>\n\t\t\t\t\t\t\t\t\t\t\t\t<div class=\"swiper-pagination\"><\/div>\n\t\t\t\t\t\t\t\t\t\t\t\t\t<div class=\"elementor-swiper-button elementor-swiper-button-prev\">\n\t\t\t\t\t\t<i class=\"eicon-chevron-left\" aria-hidden=\"true\"><\/i>\n\t\t\t\t\t\t<span class=\"elementor-screen-only\">Previo<\/span>\n\t\t\t\t\t<\/div>\n\t\t\t\t\t<div class=\"elementor-swiper-button elementor-swiper-button-next\">\n\t\t\t\t\t\t<i class=\"eicon-chevron-right\" aria-hidden=\"true\"><\/i>\n\t\t\t\t\t\t<span class=\"elementor-screen-only\">Siguiente<\/span>\n\t\t\t\t\t<\/div>\n\t\t\t\t\t\t\t\t\t<\/div>\n\t\t\t\t<\/div>\n\t\t\t\t<\/div>\n\t\t\t\t\t<\/div>\n\t\t<\/div>\n\t\t\t\t\t\t\t<\/div>\n\t\t<\/section>\n\t\t\t\t<section class=\"elementor-section elementor-top-section elementor-element elementor-element-b576e03 elementor-section-boxed elementor-section-height-default elementor-section-height-default\" data-id=\"b576e03\" data-element_type=\"section\">\n\t\t\t\t\t\t<div class=\"elementor-container elementor-column-gap-default\">\n\t\t\t\t\t<div class=\"elementor-column elementor-col-100 elementor-top-column elementor-element elementor-element-d9b735c\" data-id=\"d9b735c\" data-element_type=\"column\">\n\t\t\t<div class=\"elementor-widget-wrap elementor-element-populated\">\n\t\t\t\t\t\t\t\t<div class=\"elementor-element elementor-element-e41edf1 elementor-widget-divider--view-line elementor-widget elementor-widget-divider\" data-id=\"e41edf1\" data-element_type=\"widget\" data-widget_type=\"divider.default\">\n\t\t\t\t<div class=\"elementor-widget-container\">\n\t\t\t\t\t<div class=\"elementor-divider\">\n\t\t\t<span class=\"elementor-divider-separator\">\n\t\t\t\t\t\t<\/span>\n\t\t<\/div>\n\t\t\t\t<\/div>\n\t\t\t\t<\/div>\n\t\t\t\t\t<\/div>\n\t\t<\/div>\n\t\t\t\t\t\t\t<\/div>\n\t\t<\/section>\n\t\t\t\t<section class=\"elementor-section elementor-top-section elementor-element elementor-element-a5649d3 elementor-section-boxed elementor-section-height-default elementor-section-height-default\" data-id=\"a5649d3\" data-element_type=\"section\">\n\t\t\t\t\t\t<div class=\"elementor-container elementor-column-gap-default\">\n\t\t\t\t\t<div class=\"elementor-column elementor-col-33 elementor-top-column elementor-element elementor-element-9a5949b\" data-id=\"9a5949b\" data-element_type=\"column\">\n\t\t\t<div class=\"elementor-widget-wrap elementor-element-populated\">\n\t\t\t\t\t\t\t\t<div class=\"elementor-element elementor-element-d47d4f5 elementor-widget elementor-widget-image\" data-id=\"d47d4f5\" data-element_type=\"widget\" data-widget_type=\"image.default\">\n\t\t\t\t<div class=\"elementor-widget-container\">\n\t\t\t\t\t\t\t\t\t\t\t\t\t\t\t<img loading=\"lazy\" decoding=\"async\" width=\"1024\" height=\"683\" src=\"https:\/\/reddih.net\/wp-content\/uploads\/2021\/09\/190212_toman_protesta_los_integrantes_de_la_red_internacional_de_derechos_humanos_y_derecho_humanitario_fv_8-1024x683.jpg\" class=\"attachment-large size-large\" alt=\"\" srcset=\"https:\/\/reddih.net\/wp-content\/uploads\/2021\/09\/190212_toman_protesta_los_integrantes_de_la_red_internacional_de_derechos_humanos_y_derecho_humanitario_fv_8-1024x683.jpg 1024w, https:\/\/reddih.net\/wp-content\/uploads\/2021\/09\/190212_toman_protesta_los_integrantes_de_la_red_internacional_de_derechos_humanos_y_derecho_humanitario_fv_8-300x200.jpg 300w, https:\/\/reddih.net\/wp-content\/uploads\/2021\/09\/190212_toman_protesta_los_integrantes_de_la_red_internacional_de_derechos_humanos_y_derecho_humanitario_fv_8-768x512.jpg 768w, https:\/\/reddih.net\/wp-content\/uploads\/2021\/09\/190212_toman_protesta_los_integrantes_de_la_red_internacional_de_derechos_humanos_y_derecho_humanitario_fv_8-1536x1024.jpg 1536w, https:\/\/reddih.net\/wp-content\/uploads\/2021\/09\/190212_toman_protesta_los_integrantes_de_la_red_internacional_de_derechos_humanos_y_derecho_humanitario_fv_8-2048x1365.jpg 2048w, https:\/\/reddih.net\/wp-content\/uploads\/2021\/09\/190212_toman_protesta_los_integrantes_de_la_red_internacional_de_derechos_humanos_y_derecho_humanitario_fv_8-432x288.jpg 432w\" sizes=\"auto, (max-width: 1024px) 100vw, 1024px\" \/>\t\t\t\t\t\t\t\t\t\t\t\t\t\t\t<\/div>\n\t\t\t\t<\/div>\n\t\t\t\t<div class=\"elementor-element elementor-element-448bd1f elementor-widget elementor-widget-text-editor\" data-id=\"448bd1f\" data-element_type=\"widget\" data-widget_type=\"text-editor.default\">\n\t\t\t\t<div class=\"elementor-widget-container\">\n\t\t\t\t\t\t\t<p><span style=\"color: #444444; font-family: 'Open Sans', 'lucida grande', tahoma, verdana, arial, sans-serif; font-size: 13px; font-style: normal; font-variant-ligatures: normal; font-variant-caps: normal; font-weight: 400;\">Habr\u00e1 varios comit\u00e9s: el Cient\u00edfico, que ser\u00e1 encabezado por el Doctor Emilio Garc\u00eda Mercader; el Editorial, por el Doctor Marcos Pablo Moloeznik ; el Acad\u00e9mico Curricular, por la Doctora Carmen Salas, y el de Relaciones Internacionales, por el Doctor Dante Haro Reyes.<\/span><\/p>\t\t\t\t\t\t<\/div>\n\t\t\t\t<\/div>\n\t\t\t\t\t<\/div>\n\t\t<\/div>\n\t\t\t\t<div class=\"elementor-column elementor-col-33 elementor-top-column elementor-element elementor-element-c978efe\" data-id=\"c978efe\" data-element_type=\"column\">\n\t\t\t<div class=\"elementor-widget-wrap elementor-element-populated\">\n\t\t\t\t\t\t\t\t<div class=\"elementor-element elementor-element-3a6f7cb elementor-widget elementor-widget-image\" data-id=\"3a6f7cb\" data-element_type=\"widget\" data-widget_type=\"image.default\">\n\t\t\t\t<div class=\"elementor-widget-container\">\n\t\t\t\t\t\t\t\t\t\t\t\t\t\t\t<img loading=\"lazy\" decoding=\"async\" width=\"1024\" height=\"683\" src=\"https:\/\/reddih.net\/wp-content\/uploads\/2021\/09\/190212_toman_protesta_los_integrantes_de_la_red_internacional_de_derechos_humanos_y_derecho_humanitario_fv_1-1024x683.jpg\" class=\"attachment-large size-large\" alt=\"\" srcset=\"https:\/\/reddih.net\/wp-content\/uploads\/2021\/09\/190212_toman_protesta_los_integrantes_de_la_red_internacional_de_derechos_humanos_y_derecho_humanitario_fv_1-1024x683.jpg 1024w, https:\/\/reddih.net\/wp-content\/uploads\/2021\/09\/190212_toman_protesta_los_integrantes_de_la_red_internacional_de_derechos_humanos_y_derecho_humanitario_fv_1-300x200.jpg 300w, https:\/\/reddih.net\/wp-content\/uploads\/2021\/09\/190212_toman_protesta_los_integrantes_de_la_red_internacional_de_derechos_humanos_y_derecho_humanitario_fv_1-768x512.jpg 768w, https:\/\/reddih.net\/wp-content\/uploads\/2021\/09\/190212_toman_protesta_los_integrantes_de_la_red_internacional_de_derechos_humanos_y_derecho_humanitario_fv_1-1536x1024.jpg 1536w, https:\/\/reddih.net\/wp-content\/uploads\/2021\/09\/190212_toman_protesta_los_integrantes_de_la_red_internacional_de_derechos_humanos_y_derecho_humanitario_fv_1-2048x1365.jpg 2048w, https:\/\/reddih.net\/wp-content\/uploads\/2021\/09\/190212_toman_protesta_los_integrantes_de_la_red_internacional_de_derechos_humanos_y_derecho_humanitario_fv_1-432x288.jpg 432w\" sizes=\"auto, (max-width: 1024px) 100vw, 1024px\" \/>\t\t\t\t\t\t\t\t\t\t\t\t\t\t\t<\/div>\n\t\t\t\t<\/div>\n\t\t\t\t<div class=\"elementor-element elementor-element-c7ee9c0 elementor-widget elementor-widget-text-editor\" data-id=\"c7ee9c0\" data-element_type=\"widget\" data-widget_type=\"text-editor.default\">\n\t\t\t\t<div class=\"elementor-widget-container\">\n\t\t\t\t\t\t\t<p><span style=\"color: #444444; font-family: 'Open Sans', 'lucida grande', tahoma, verdana, arial, sans-serif; font-size: 13px; font-style: normal; font-variant-ligatures: normal; font-variant-caps: normal; font-weight: 400;\">El Presidente del Instituto Internacional de Derecho Humanitario de San Remo y quien ser\u00e1 Vicepresidente de esta red, jurista Fausto Pocar, consider\u00f3 que es pertinente iniciar con este proyecto en un momento en que el mundo est\u00e1 abandonando la fase de cooperaci\u00f3n y transitando hacia la no cooperaci\u00f3n; por ello, es importante que los acad\u00e9micos e instituciones se pongan de acuerdo.<\/span><\/p>\t\t\t\t\t\t<\/div>\n\t\t\t\t<\/div>\n\t\t\t\t\t<\/div>\n\t\t<\/div>\n\t\t\t\t<div class=\"elementor-column elementor-col-33 elementor-top-column elementor-element elementor-element-b3ef23c\" data-id=\"b3ef23c\" data-element_type=\"column\">\n\t\t\t<div class=\"elementor-widget-wrap elementor-element-populated\">\n\t\t\t\t\t\t\t\t<div class=\"elementor-element elementor-element-8195ced elementor-widget elementor-widget-image\" data-id=\"8195ced\" data-element_type=\"widget\" data-widget_type=\"image.default\">\n\t\t\t\t<div class=\"elementor-widget-container\">\n\t\t\t\t\t\t\t\t\t\t\t\t\t\t\t<img loading=\"lazy\" decoding=\"async\" width=\"1024\" height=\"683\" src=\"https:\/\/reddih.net\/wp-content\/uploads\/2021\/09\/190212_toman_protesta_los_integrantes_de_la_red_internacional_de_derechos_humanos_y_derecho_humanitario_fv_7-1024x683.jpg\" class=\"attachment-large size-large\" alt=\"\" srcset=\"https:\/\/reddih.net\/wp-content\/uploads\/2021\/09\/190212_toman_protesta_los_integrantes_de_la_red_internacional_de_derechos_humanos_y_derecho_humanitario_fv_7-1024x683.jpg 1024w, https:\/\/reddih.net\/wp-content\/uploads\/2021\/09\/190212_toman_protesta_los_integrantes_de_la_red_internacional_de_derechos_humanos_y_derecho_humanitario_fv_7-300x200.jpg 300w, https:\/\/reddih.net\/wp-content\/uploads\/2021\/09\/190212_toman_protesta_los_integrantes_de_la_red_internacional_de_derechos_humanos_y_derecho_humanitario_fv_7-768x512.jpg 768w, https:\/\/reddih.net\/wp-content\/uploads\/2021\/09\/190212_toman_protesta_los_integrantes_de_la_red_internacional_de_derechos_humanos_y_derecho_humanitario_fv_7-1536x1024.jpg 1536w, https:\/\/reddih.net\/wp-content\/uploads\/2021\/09\/190212_toman_protesta_los_integrantes_de_la_red_internacional_de_derechos_humanos_y_derecho_humanitario_fv_7-2048x1365.jpg 2048w, https:\/\/reddih.net\/wp-content\/uploads\/2021\/09\/190212_toman_protesta_los_integrantes_de_la_red_internacional_de_derechos_humanos_y_derecho_humanitario_fv_7-432x288.jpg 432w\" sizes=\"auto, (max-width: 1024px) 100vw, 1024px\" \/>\t\t\t\t\t\t\t\t\t\t\t\t\t\t\t<\/div>\n\t\t\t\t<\/div>\n\t\t\t\t<div class=\"elementor-element elementor-element-8e4a1e1 elementor-widget elementor-widget-text-editor\" data-id=\"8e4a1e1\" data-element_type=\"widget\" data-widget_type=\"text-editor.default\">\n\t\t\t\t<div class=\"elementor-widget-container\">\n\t\t\t\t\t\t\t<p><span style=\"color: #444444; font-family: 'Open Sans', 'lucida grande', tahoma, verdana, arial, sans-serif; font-size: 13px; font-style: normal; font-variant-ligatures: normal; font-variant-caps: normal; font-weight: 400;\">La planilla del Consejo Directivo 2019-2022 de la REDDIH estar\u00e1 encabezada por el Licenciado Jos\u00e9 Trinidad Padilla L\u00f3pez, como Presidente; el Doctor Fausto Pocar, como Vicepresidente y el Doctor Mario Esparza Zamora, como Secretario T\u00e9cnico. Integrar\u00e1n adem\u00e1s el consejo, directivos universitarios, diputados y magistrados del Poder Judicial.<\/span><\/p>\t\t\t\t\t\t<\/div>\n\t\t\t\t<\/div>\n\t\t\t\t\t<\/div>\n\t\t<\/div>\n\t\t\t\t\t\t\t<\/div>\n\t\t<\/section>\n\t\t\t\t<section class=\"elementor-section elementor-top-section elementor-element elementor-element-345bea4 elementor-section-boxed elementor-section-height-default elementor-section-height-default\" data-id=\"345bea4\" data-element_type=\"section\">\n\t\t\t\t\t\t<div class=\"elementor-container elementor-column-gap-default\">\n\t\t\t\t\t<div class=\"elementor-column elementor-col-100 elementor-top-column elementor-element elementor-element-3d05023\" data-id=\"3d05023\" data-element_type=\"column\">\n\t\t\t<div class=\"elementor-widget-wrap elementor-element-populated\">\n\t\t\t\t\t\t\t\t<div class=\"elementor-element elementor-element-cbd39f6 elementor-widget elementor-widget-spacer\" data-id=\"cbd39f6\" data-element_type=\"widget\" data-widget_type=\"spacer.default\">\n\t\t\t\t<div class=\"elementor-widget-container\">\n\t\t\t\t\t<div class=\"elementor-spacer\">\n\t\t\t<div class=\"elementor-spacer-inner\"><\/div>\n\t\t<\/div>\n\t\t\t\t<\/div>\n\t\t\t\t<\/div>\n\t\t\t\t<div class=\"elementor-element elementor-element-9ff0cb2 elementor-widget-divider--view-line elementor-widget elementor-widget-divider\" data-id=\"9ff0cb2\" data-element_type=\"widget\" data-widget_type=\"divider.default\">\n\t\t\t\t<div class=\"elementor-widget-container\">\n\t\t\t\t\t<div class=\"elementor-divider\">\n\t\t\t<span class=\"elementor-divider-separator\">\n\t\t\t\t\t\t<\/span>\n\t\t<\/div>\n\t\t\t\t<\/div>\n\t\t\t\t<\/div>\n\t\t\t\t\t<\/div>\n\t\t<\/div>\n\t\t\t\t\t\t\t<\/div>\n\t\t<\/section>\n\t\t\t\t<section class=\"elementor-section elementor-top-section elementor-element elementor-element-9af2e88 elementor-section-boxed elementor-section-height-default elementor-section-height-default\" data-id=\"9af2e88\" data-element_type=\"section\">\n\t\t\t\t\t\t<div class=\"elementor-container elementor-column-gap-default\">\n\t\t\t\t\t<div class=\"elementor-column elementor-col-100 elementor-top-column elementor-element elementor-element-d5013ae\" data-id=\"d5013ae\" data-element_type=\"column\">\n\t\t\t<div class=\"elementor-widget-wrap\">\n\t\t\t\t\t\t\t\t\t<\/div>\n\t\t<\/div>\n\t\t\t\t\t\t\t<\/div>\n\t\t<\/section>\n\t\t\t\t\t\t<\/div>\n\t\t\t\t\t<\/div>\n\t\t","protected":false},"excerpt":{"rendered":"","protected":false},"author":1,"featured_media":0,"parent":0,"menu_order":0,"comment_status":"closed","ping_status":"closed","template":"elementor_theme","meta":{"om_disable_all_campaigns":false,"_monsterinsights_skip_tracking":false,"_monsterinsights_sitenote_active":false,"_monsterinsights_sitenote_note":"","_monsterinsights_sitenote_category":0,"footnotes":""},"class_list":["post-998","page","type-page","status-publish","hentry"],"_links":{"self":[{"href":"https:\/\/reddih.net\/index.php\/wp-json\/wp\/v2\/pages\/998","targetHints":{"allow":["GET"]}}],"collection":[{"href":"https:\/\/reddih.net\/index.php\/wp-json\/wp\/v2\/pages"}],"about":[{"href":"https:\/\/reddih.net\/index.php\/wp-json\/wp\/v2\/types\/page"}],"author":[{"embeddable":true,"href":"https:\/\/reddih.net\/index.php\/wp-json\/wp\/v2\/users\/1"}],"replies":[{"embeddable":true,"href":"https:\/\/reddih.net\/index.php\/wp-json\/wp\/v2\/comments?post=998"}],"version-history":[{"count":79,"href":"https:\/\/reddih.net\/index.php\/wp-json\/wp\/v2\/pages\/998\/revisions"}],"predecessor-version":[{"id":3774,"href":"https:\/\/reddih.net\/index.php\/wp-json\/wp\/v2\/pages\/998\/revisions\/3774"}],"wp:attachment":[{"href":"https:\/\/reddih.net\/index.php\/wp-json\/wp\/v2\/media?parent=998"}],"curies":[{"name":"wp","href":"https:\/\/api.w.org\/{rel}","templated":true}]}}